{"id":765,"date":"2022-05-25T16:08:44","date_gmt":"2022-05-25T14:08:44","guid":{"rendered":"https:\/\/uprzyjaciol.pl\/theatrum\/?page_id=765"},"modified":"2022-07-12T13:01:17","modified_gmt":"2022-07-12T11:01:17","slug":"ascendium","status":"publish","type":"page","link":"https:\/\/uprzyjaciol.pl\/theatrum\/spektakle\/premiery\/ascendium\/","title":{"rendered":"Ascendium"},"content":{"rendered":"\n<p><strong>SCENA DEBIUT\u00d3W<\/strong><br>PREMIERA: 7 pa\u017adziernika 2016 roku<br>WZNOWIENIE: 28 kwietnia 2019 roku<br>Czas trwania: 45 minut<br>SPEKTAKL ARCHIWALNY<\/p>\n\n\n<p><iframe loading=\"lazy\" src=\"https:\/\/www.youtube.com\/embed\/rhiWe2aGE_A\" title=\"YouTube video player\" allow=\"accelerometer; autoplay; clipboard-write; encrypted-media; gyroscope; picture-in-picture\" allowfullscreen=\"\" width=\"560\" height=\"315\" frameborder=\"0\"><\/iframe><\/p>\n\n\n<p>Gdy pierwsze s\u0142o\u0144ce zgas\u0142o, stworzono kolejne. Cia\u0142o sta\u0142o si\u0119 reliktem pradawnego \u015bwiata materii. Pomimo poznania ka\u017cdego zakamarka tej przestrzeni w rzeczywisto\u015b\u0107 wkrad\u0142 si\u0119 czas, niszczyciel \u015bwiat\u00f3w. Wszech\u015bwiat zacz\u0105\u0142 umiera\u0107. Po\u015br\u00f3d systemu niesko\u0144czono\u015bci, gdzie zamieszka\u0142y my\u015bli bilion\u00f3w istot, ostatni cz\u0142owiek pragnie pozna\u0107 przyczyn\u0119 pocz\u0105tku stworzenia.<\/p>\n\n\n\n<p>&#8222;Je\u015bli nasz \u015bwiat jest rzeczywi\u015bcie czym\u015b, co si\u0119 organizuje, to \u017cycia we wszech\u015bwiecie nie mo\u017cemy uzna\u0107 za zjawisko przypadkowe i nieistotne; musimy sobie u\u015bwiadomi\u0107 jego wszechobecn\u0105 ekspansywno\u015b\u0107 sprawiaj\u0105c\u0105, \u017ce w ka\u017cdej chwili mo\u017ce ono wtargn\u0105\u0107, nawet przez najmniejsz\u0105 szczelin\u0119, w dowolne miejsce kosmosu, a gdy si\u0119 ju\u017c pojawi, skorzysta z ka\u017cdej szansy, z ka\u017cdego sposobu, aby osi\u0105gn\u0105\u0107 kres mo\u017cliwo\u015bci.&#8221; \/Pierre Teilhard de Chardin\/<\/p>\n\n\n\n<p>Obsada:&nbsp;<br>Wyraziciel An &#8211; Tomasz Zajcher&nbsp;<br>Patron Ishar &#8211; Dorota Franciszka Salamo\u0144czyk \/ Sylwia Pietrowiak&nbsp;<br>Cel Enlil &#8211; Filip Borowiak<br>Cz\u0142owiek Lazarus Beta &#8211; Mateusz Paszkiewicz&nbsp;<\/p>\n\n\n\n<p>scenariusz i re\u017cyseria: Rados\u0142aw Salamo\u0144czyk&nbsp;<br>kostiumy: Marta Giec&nbsp;<br>muzyka: Rafa\u0142 Rybarczyk, Rados\u0142aw Salamo\u0144czyk<br>szkice koncepcyjne: Adrianna Jaworska<br>projekt plakatu: Jaros\u0142aw Rusi\u0144ski<br>realizacja \u015bwiat\u0142a\/d\u017awi\u0119ku: \u0141ukasz Garbacz<\/p>\n\n\n\n<p>Spektakl inspirowany opowiadaniami &#8222;Ostatnie Pytanie&#8221; Isaaca Asimova oraz powie\u015bci\u0105 &#8222;Perfekcyjna Niedoskona\u0142o\u015b\u0107&#8221; Jacka Dukaja. W spektaklu zaadaptowano cytaty pochodz\u0105ce z Eposu o Gilgameszu, a tak\u017ce wypowiedzi Pierre&#8217;a Teilharda de Chardina oraz Jeana Paula Sartra.&nbsp;<\/p>\n\n\n\n<figure class=\"wp-container-2 wp-block-gallery-1 wp-block-gallery has-nested-images columns-default is-cropped\">\n<figure class=\"wp-block-image size-large\"><img loading=\"lazy\" width=\"1466\" height=\"2048\" data-id=\"771\"  src=\"https:\/\/uprzyjaciol.pl\/theatrum\/wp-content\/uploads\/2022\/05\/as_06.jpg\" alt=\"\" class=\"wp-image-771\" srcset=\"https:\/\/uprzyjaciol.pl\/theatrum\/wp-content\/uploads\/2022\/05\/as_06.jpg 1466w, https:\/\/uprzyjaciol.pl\/theatrum\/wp-content\/uploads\/2022\/05\/as_06-215x300.jpg 215w, https:\/\/uprzyjaciol.pl\/theatrum\/wp-content\/uploads\/2022\/05\/as_06-733x1024.jpg 733w, https:\/\/uprzyjaciol.pl\/theatrum\/wp-content\/uploads\/2022\/05\/as_06-768x1073.jpg 768w, https:\/\/uprzyjaciol.pl\/theatrum\/wp-content\/uploads\/2022\/05\/as_06-1100x1536.jpg 1100w\" sizes=\"(max-width: 1466px) 100vw, 1466px\" \/><\/figure>\n\n\n\n<figure class=\"wp-block-image size-large\"><img loading=\"lazy\" width=\"1928\" height=\"2048\" data-id=\"770\"  src=\"https:\/\/uprzyjaciol.pl\/theatrum\/wp-content\/uploads\/2022\/05\/as_05.jpg\" alt=\"\" class=\"wp-image-770\" srcset=\"https:\/\/uprzyjaciol.pl\/theatrum\/wp-content\/uploads\/2022\/05\/as_05.jpg 1928w, https:\/\/uprzyjaciol.pl\/theatrum\/wp-content\/uploads\/2022\/05\/as_05-282x300.jpg 282w, https:\/\/uprzyjaciol.pl\/theatrum\/wp-content\/uploads\/2022\/05\/as_05-964x1024.jpg 964w, https:\/\/uprzyjaciol.pl\/theatrum\/wp-content\/uploads\/2022\/05\/as_05-768x816.jpg 768w, https:\/\/uprzyjaciol.pl\/theatrum\/wp-content\/uploads\/2022\/05\/as_05-1446x1536.jpg 1446w\" sizes=\"(max-width: 1928px) 100vw, 1928px\" \/><\/figure>\n\n\n\n<figure class=\"wp-block-image size-large\"><img loading=\"lazy\" width=\"1150\" height=\"2560\" data-id=\"769\"  src=\"https:\/\/uprzyjaciol.pl\/theatrum\/wp-content\/uploads\/2022\/05\/as_04-scaled.jpg\" alt=\"\" class=\"wp-image-769\" srcset=\"https:\/\/uprzyjaciol.pl\/theatrum\/wp-content\/uploads\/2022\/05\/as_04-scaled.jpg 1150w, https:\/\/uprzyjaciol.pl\/theatrum\/wp-content\/uploads\/2022\/05\/as_04-135x300.jpg 135w, https:\/\/uprzyjaciol.pl\/theatrum\/wp-content\/uploads\/2022\/05\/as_04-460x1024.jpg 460w, https:\/\/uprzyjaciol.pl\/theatrum\/wp-content\/uploads\/2022\/05\/as_04-768x1710.jpg 768w, https:\/\/uprzyjaciol.pl\/theatrum\/wp-content\/uploads\/2022\/05\/as_04-690x1536.jpg 690w, https:\/\/uprzyjaciol.pl\/theatrum\/wp-content\/uploads\/2022\/05\/as_04-920x2048.jpg 920w\" sizes=\"(max-width: 1150px) 100vw, 1150px\" \/><\/figure>\n\n\n\n<figure class=\"wp-block-image size-large\"><img loading=\"lazy\" width=\"1181\" height=\"2048\" data-id=\"768\"  src=\"https:\/\/uprzyjaciol.pl\/theatrum\/wp-content\/uploads\/2022\/05\/as_03.jpg\" alt=\"\" class=\"wp-image-768\" srcset=\"https:\/\/uprzyjaciol.pl\/theatrum\/wp-content\/uploads\/2022\/05\/as_03.jpg 1181w, https:\/\/uprzyjaciol.pl\/theatrum\/wp-content\/uploads\/2022\/05\/as_03-173x300.jpg 173w, https:\/\/uprzyjaciol.pl\/theatrum\/wp-content\/uploads\/2022\/05\/as_03-591x1024.jpg 591w, https:\/\/uprzyjaciol.pl\/theatrum\/wp-content\/uploads\/2022\/05\/as_03-768x1332.jpg 768w, https:\/\/uprzyjaciol.pl\/theatrum\/wp-content\/uploads\/2022\/05\/as_03-886x1536.jpg 886w\" sizes=\"(max-width: 1181px) 100vw, 1181px\" \/><\/figure>\n\n\n\n<figure class=\"wp-block-image size-large\"><img loading=\"lazy\" width=\"2048\" height=\"1184\" data-id=\"767\"  src=\"https:\/\/uprzyjaciol.pl\/theatrum\/wp-content\/uploads\/2022\/05\/as_02.jpg\" alt=\"\" class=\"wp-image-767\" srcset=\"https:\/\/uprzyjaciol.pl\/theatrum\/wp-content\/uploads\/2022\/05\/as_02.jpg 2048w, https:\/\/uprzyjaciol.pl\/theatrum\/wp-content\/uploads\/2022\/05\/as_02-300x173.jpg 300w, https:\/\/uprzyjaciol.pl\/theatrum\/wp-content\/uploads\/2022\/05\/as_02-1024x592.jpg 1024w, https:\/\/uprzyjaciol.pl\/theatrum\/wp-content\/uploads\/2022\/05\/as_02-768x444.jpg 768w, https:\/\/uprzyjaciol.pl\/theatrum\/wp-content\/uploads\/2022\/05\/as_02-1536x888.jpg 1536w\" sizes=\"(max-width: 2048px) 100vw, 2048px\" \/><\/figure>\n\n\n\n<figure class=\"wp-block-image size-large\"><img loading=\"lazy\" width=\"2048\" height=\"1365\" data-id=\"766\"  src=\"https:\/\/uprzyjaciol.pl\/theatrum\/wp-content\/uploads\/2022\/05\/as_01.jpg\" alt=\"\" class=\"wp-image-766\" srcset=\"https:\/\/uprzyjaciol.pl\/theatrum\/wp-content\/uploads\/2022\/05\/as_01.jpg 2048w, https:\/\/uprzyjaciol.pl\/theatrum\/wp-content\/uploads\/2022\/05\/as_01-300x200.jpg 300w, https:\/\/uprzyjaciol.pl\/theatrum\/wp-content\/uploads\/2022\/05\/as_01-1024x683.jpg 1024w, https:\/\/uprzyjaciol.pl\/theatrum\/wp-content\/uploads\/2022\/05\/as_01-768x512.jpg 768w, https:\/\/uprzyjaciol.pl\/theatrum\/wp-content\/uploads\/2022\/05\/as_01-1536x1024.jpg 1536w\" sizes=\"(max-width: 2048px) 100vw, 2048px\" \/><\/figure>\n<\/figure>\n\n\n\n<iframe loading=\"lazy\" scrolling=\"no\" allow=\"autoplay\" src=\"https:\/\/w.soundcloud.com\/player\/?url=https%3A\/\/api.soundcloud.com\/tracks\/267828098&amp;color=ff5500\" width=\"100%\" height=\"166\" frameborder=\"no\"><\/iframe><div style=\"font-size: 10px; color: #cccccc;line-break: anywhere;word-break: normal;overflow: hidden;white-space: nowrap;text-overflow: ellipsis; font-family: Interstate,Lucida Grande,Lucida Sans Unicode,Lucida Sans,Garuda,Verdana,Tahoma,sans-serif;font-weight: 100;\"><a href=\"https:\/\/soundcloud.com\/skowronsky\" title=\"skowronsky\" target=\"_blank\" style=\"color: #cccccc; text-decoration: none;\" rel=\"noopener\">skowronsky<\/a> \u00b7 <a href=\"https:\/\/soundcloud.com\/skowronsky\/patron-ascendium-soundtrack\" title=\"Patron | Ascendium Soundtrack\" target=\"_blank\" style=\"color: #cccccc; text-decoration: none;\" rel=\"noopener\">Patron | Ascendium Soundtrack<\/a><\/div>\n","protected":false},"excerpt":{"rendered":"<p>SCENA DEBIUT\u00d3WPREMIERA: 7 pa\u017adziernika 2016 rokuWZNOWIENIE: 28 kwietnia 2019 rokuCzas trwania: 45 minutSPEKTAKL ARCHIWALNY Gdy pierwsze s\u0142o\u0144ce zgas\u0142o, stworzono kolejne. Cia\u0142o sta\u0142o si\u0119 reliktem pradawnego \u015bwiata materii. Pomimo poznania ka\u017cdego zakamarka tej przestrzeni w rzeczywisto\u015b\u0107 wkrad\u0142 si\u0119 czas, niszczyciel \u015bwiat\u00f3w. Wszech\u015bwiat zacz\u0105\u0142 umiera\u0107. Po\u015br\u00f3d systemu niesko\u0144czono\u015bci, gdzie zamieszka\u0142y my\u015bli bilion\u00f3w istot, ostatni cz\u0142owiek pragnie pozna\u0107<\/p>\n<div><a class=\"btn-filled btn\" href=\"https:\/\/uprzyjaciol.pl\/theatrum\/spektakle\/premiery\/ascendium\/\" title=\"Ascendium\">Dowiedz si\u0119 wi\u0119cej<\/a><\/div>\n","protected":false},"author":3,"featured_media":0,"parent":56,"menu_order":0,"comment_status":"closed","ping_status":"closed","template":"","meta":[],"_links":{"self":[{"href":"https:\/\/uprzyjaciol.pl\/theatrum\/wp-json\/wp\/v2\/pages\/765"}],"collection":[{"href":"https:\/\/uprzyjaciol.pl\/theatrum\/wp-json\/wp\/v2\/pages"}],"about":[{"href":"https:\/\/uprzyjaciol.pl\/theatrum\/wp-json\/wp\/v2\/types\/page"}],"author":[{"embeddable":true,"href":"https:\/\/uprzyjaciol.pl\/theatrum\/wp-json\/wp\/v2\/users\/3"}],"replies":[{"embeddable":true,"href":"https:\/\/uprzyjaciol.pl\/theatrum\/wp-json\/wp\/v2\/comments?post=765"}],"version-history":[{"count":5,"href":"https:\/\/uprzyjaciol.pl\/theatrum\/wp-json\/wp\/v2\/pages\/765\/revisions"}],"predecessor-version":[{"id":1261,"href":"https:\/\/uprzyjaciol.pl\/theatrum\/wp-json\/wp\/v2\/pages\/765\/revisions\/1261"}],"up":[{"embeddable":true,"href":"https:\/\/uprzyjaciol.pl\/theatrum\/wp-json\/wp\/v2\/pages\/56"}],"wp:attachment":[{"href":"https:\/\/uprzyjaciol.pl\/theatrum\/wp-json\/wp\/v2\/media?parent=765"}],"curies":[{"name":"wp","href":"https:\/\/api.w.org\/{rel}","templated":true}]}}