{"id":543,"date":"2021-08-06T12:45:30","date_gmt":"2021-08-06T10:45:30","guid":{"rendered":"https:\/\/uprzyjaciol.pl\/theatrum\/?page_id=543"},"modified":"2021-08-06T12:45:34","modified_gmt":"2021-08-06T10:45:34","slug":"marcin-kluczykowski","status":"publish","type":"page","link":"https:\/\/uprzyjaciol.pl\/theatrum\/teatr\/trupa-teatralna\/marcin-kluczykowski\/","title":{"rendered":"Marcin Kluczykowski"},"content":{"rendered":"\n<figure class=\"wp-block-image size-full\"><img loading=\"lazy\" width=\"342\" height=\"384\" src=\"https:\/\/uprzyjaciol.pl\/theatrum\/wp-content\/uploads\/2021\/08\/marcin-kluczykowski.jpg\" alt=\"\" class=\"wp-image-544\" srcset=\"https:\/\/uprzyjaciol.pl\/theatrum\/wp-content\/uploads\/2021\/08\/marcin-kluczykowski.jpg 342w, https:\/\/uprzyjaciol.pl\/theatrum\/wp-content\/uploads\/2021\/08\/marcin-kluczykowski-267x300.jpg 267w\" sizes=\"(max-width: 342px) 100vw, 342px\" \/><\/figure>\n\n\n\n<p><em>Osobowo\u015b\u0107 sentymentalna o pewnych rysach dekadenckich.<\/em><\/p>\n\n\n\n<p>W Teatrze u Przyjaci\u00f3\u0142 od 2010 do 2018 roku. Aktor, autor scenariuszy teatralnych, film\u00f3w niezale\u017cnych, doktorant na Wydziale Filologii Polskiej i Klasycznej UAM. Wsp\u00f3\u0142pracuje r\u00f3wnie\u017c z Teatrem Automaton i Teatrem Wielkim im. Stanis\u0142awa Moniuszki w Poznaniu.<\/p>\n\n\n\n<p><strong>Role aktorskie w Teatrze &#8222;U Przyjaci\u00f3\u0142&#8221;:<\/strong><\/p>\n\n\n\n<p>Cz\u0142onek trupy teatralnej \u2013 \u201eLegenda o \u015awi\u0119tym Patryku\u201d (2010, 2011)<\/p>\n\n\n\n<p>Laurowicz \u2013 \u201eSenne \u0142agodne prze\u015bwity\u201d (2010 \u2013 2014)<\/p>\n\n\n\n<p>Urz\u0119dnik \u2013 \u201eMagistryton\u201d (2010 \u2013 2012)<\/p>\n\n\n\n<p>Leopold Bloom \u2013 \u201eBloomsday\u201d (2010, 2011, 2012, 2013)<\/p>\n\n\n\n<p>Leopold Bloom \u2013 \u201eDzie\u0144 Blooma\u201d (2010 \u2013 2013)<\/p>\n\n\n\n<p>Wo\u017any Foyer \u2013 \u201eTeatroza\u201d (2010 \u2013 2011)<\/p>\n\n\n\n<p>Mnich \u2013 \u201eYMAKRAPE\u201d (2011 \u2013 2012)<\/p>\n\n\n\n<p>Tadeusz Mania Grotewski \u2013 \u201eRekrutremy\u201d (2011 \u2013 2013)<\/p>\n\n\n\n<p>Alojzy Skrobol \u2013 \u201eBywalcy Absurdutu\u201d (2011)<\/p>\n\n\n\n<p>Ernest O. \u2013 \u201eOpowie\u015bci niesamowite \u2013 kryptyk\u201d (2011)<\/p>\n\n\n\n<p>Dusza Higieniczna \u2013 \u201eAppendix\u201d (2011 \u2013 2013)<\/p>\n\n\n\n<p>Szalony kapelusznik \u2013 \u201eAlicja w lustrach\u201d (2012)<\/p>\n\n\n\n<p>Lampe \u2013 \u201eFobie\u201d (2012)<\/p>\n\n\n\n<p>Stanis\u0142aw Ignacy Witkiewicz \u2013 \u201eVitcatius\u201d (2012)<\/p>\n\n\n\n<p>Bruno Schulz\/Brunio \u2013 \u201eOstatnia ucieczka Brunona Schulza\u201d (2012)<\/p>\n\n\n\n<p>JA \u2013 \u201eGomber\u201d (2013)<\/p>\n\n\n\n<p><strong>Scenariusz:<\/strong><\/p>\n\n\n\n<p>\u201eOstatnia ucieczka Brunona Schulza\u201d (2012)<br>&#8222;Horla. Przypadek rodziny Sabl\u00e9&#8221; (2017)<\/p>\n\n\n\n<p><strong>Re\u017cyseria:<br><\/strong>&#8222;Horla. Przypadek rodziny Sabl\u00e9&#8221; (2017)<\/p>\n","protected":false},"excerpt":{"rendered":"<p>Osobowo\u015b\u0107 sentymentalna o pewnych rysach dekadenckich. W Teatrze u Przyjaci\u00f3\u0142 od 2010 do 2018 roku. Aktor, autor scenariuszy teatralnych, film\u00f3w niezale\u017cnych, doktorant na Wydziale Filologii Polskiej i Klasycznej UAM. Wsp\u00f3\u0142pracuje r\u00f3wnie\u017c z Teatrem Automaton i Teatrem Wielkim im. Stanis\u0142awa Moniuszki w Poznaniu. Role aktorskie w Teatrze &#8222;U Przyjaci\u00f3\u0142&#8221;: Cz\u0142onek trupy teatralnej \u2013 \u201eLegenda o \u015awi\u0119tym<\/p>\n<div><a class=\"btn-filled btn\" href=\"https:\/\/uprzyjaciol.pl\/theatrum\/teatr\/trupa-teatralna\/marcin-kluczykowski\/\" title=\"Marcin Kluczykowski\">Dowiedz si\u0119 wi\u0119cej<\/a><\/div>\n","protected":false},"author":6,"featured_media":0,"parent":26,"menu_order":0,"comment_status":"closed","ping_status":"closed","template":"","meta":[],"_links":{"self":[{"href":"https:\/\/uprzyjaciol.pl\/theatrum\/wp-json\/wp\/v2\/pages\/543"}],"collection":[{"href":"https:\/\/uprzyjaciol.pl\/theatrum\/wp-json\/wp\/v2\/pages"}],"about":[{"href":"https:\/\/uprzyjaciol.pl\/theatrum\/wp-json\/wp\/v2\/types\/page"}],"author":[{"embeddable":true,"href":"https:\/\/uprzyjaciol.pl\/theatrum\/wp-json\/wp\/v2\/users\/6"}],"replies":[{"embeddable":true,"href":"https:\/\/uprzyjaciol.pl\/theatrum\/wp-json\/wp\/v2\/comments?post=543"}],"version-history":[{"count":1,"href":"https:\/\/uprzyjaciol.pl\/theatrum\/wp-json\/wp\/v2\/pages\/543\/revisions"}],"predecessor-version":[{"id":545,"href":"https:\/\/uprzyjaciol.pl\/theatrum\/wp-json\/wp\/v2\/pages\/543\/revisions\/545"}],"up":[{"embeddable":true,"href":"https:\/\/uprzyjaciol.pl\/theatrum\/wp-json\/wp\/v2\/pages\/26"}],"wp:attachment":[{"href":"https:\/\/uprzyjaciol.pl\/theatrum\/wp-json\/wp\/v2\/media?parent=543"}],"curies":[{"name":"wp","href":"https:\/\/api.w.org\/{rel}","templated":true}]}}