{"id":427,"date":"2021-07-28T14:31:55","date_gmt":"2021-07-28T12:31:55","guid":{"rendered":"https:\/\/uprzyjaciol.pl\/theatrum\/?page_id=427"},"modified":"2022-10-28T13:40:35","modified_gmt":"2022-10-28T11:40:35","slug":"milosz-loba","status":"publish","type":"page","link":"https:\/\/uprzyjaciol.pl\/theatrum\/teatr\/trupa-teatralna\/milosz-loba\/","title":{"rendered":"Mi\u0142osz Loba"},"content":{"rendered":"\n<figure class=\"wp-block-image size-full\"><img loading=\"lazy\" width=\"800\" height=\"1016\" src=\"https:\/\/uprzyjaciol.pl\/theatrum\/wp-content\/uploads\/2021\/07\/milosz-loba.jpg\" alt=\"\" class=\"wp-image-428\" srcset=\"https:\/\/uprzyjaciol.pl\/theatrum\/wp-content\/uploads\/2021\/07\/milosz-loba.jpg 800w, https:\/\/uprzyjaciol.pl\/theatrum\/wp-content\/uploads\/2021\/07\/milosz-loba-236x300.jpg 236w, https:\/\/uprzyjaciol.pl\/theatrum\/wp-content\/uploads\/2021\/07\/milosz-loba-768x975.jpg 768w\" sizes=\"(max-width: 800px) 100vw, 800px\" \/><\/figure>\n\n\n\n<p>W Zespole Teatru &#8222;U Przyjaci\u00f3\u0142&#8221; od 2018 roku.<\/p>\n\n\n\n<p><strong>Realizator \u015bwiat\u0142a\/d\u017cwi\u0119ku:<\/strong><\/p>\n\n\n\n<p>Fobie (2019)<br>Appendix (2019)<br>Portret Doriana Wilde&#8217;a (2019)<br>Wariat i zakonnica (dementia praecox) (2020)<br>Senne \u0142agodne prze\u015bwity (2023)<\/p>\n\n\n\n<p><strong>Role aktorskie:<\/strong><br>Huczny Kryspin &#8211; &#8222;Bywalcy Absurdutu&#8221; (2019)<br>Brat &#8211; &#8222;Elektra&#8221; (2020)<br>Wi\u0119zie\u0144 &#8211; &#8222;Kabaret U Przyjaci\u00f3\u0142&#8221; (2021)<\/p>\n","protected":false},"excerpt":{"rendered":"<p>W Zespole Teatru &#8222;U Przyjaci\u00f3\u0142&#8221; od 2018 roku. Realizator \u015bwiat\u0142a\/d\u017cwi\u0119ku: Fobie (2019)Appendix (2019)Portret Doriana Wilde&#8217;a (2019)Wariat i zakonnica (dementia praecox) (2020)Senne \u0142agodne prze\u015bwity (2023) Role aktorskie:Huczny Kryspin &#8211; &#8222;Bywalcy Absurdutu&#8221; (2019)Brat &#8211; &#8222;Elektra&#8221; (2020)Wi\u0119zie\u0144 &#8211; &#8222;Kabaret U Przyjaci\u00f3\u0142&#8221; (2021)<\/p>\n","protected":false},"author":6,"featured_media":0,"parent":26,"menu_order":0,"comment_status":"closed","ping_status":"closed","template":"","meta":[],"_links":{"self":[{"href":"https:\/\/uprzyjaciol.pl\/theatrum\/wp-json\/wp\/v2\/pages\/427"}],"collection":[{"href":"https:\/\/uprzyjaciol.pl\/theatrum\/wp-json\/wp\/v2\/pages"}],"about":[{"href":"https:\/\/uprzyjaciol.pl\/theatrum\/wp-json\/wp\/v2\/types\/page"}],"author":[{"embeddable":true,"href":"https:\/\/uprzyjaciol.pl\/theatrum\/wp-json\/wp\/v2\/users\/6"}],"replies":[{"embeddable":true,"href":"https:\/\/uprzyjaciol.pl\/theatrum\/wp-json\/wp\/v2\/comments?post=427"}],"version-history":[{"count":3,"href":"https:\/\/uprzyjaciol.pl\/theatrum\/wp-json\/wp\/v2\/pages\/427\/revisions"}],"predecessor-version":[{"id":1457,"href":"https:\/\/uprzyjaciol.pl\/theatrum\/wp-json\/wp\/v2\/pages\/427\/revisions\/1457"}],"up":[{"embeddable":true,"href":"https:\/\/uprzyjaciol.pl\/theatrum\/wp-json\/wp\/v2\/pages\/26"}],"wp:attachment":[{"href":"https:\/\/uprzyjaciol.pl\/theatrum\/wp-json\/wp\/v2\/media?parent=427"}],"curies":[{"name":"wp","href":"https:\/\/api.w.org\/{rel}","templated":true}]}}