{"id":26,"date":"2021-02-11T11:40:48","date_gmt":"2021-02-11T10:40:48","guid":{"rendered":"https:\/\/uprzyjaciol.pl\/theatrum\/?page_id=26"},"modified":"2026-02-10T09:57:07","modified_gmt":"2026-02-10T08:57:07","slug":"trupa-teatralna","status":"publish","type":"page","link":"https:\/\/uprzyjaciol.pl\/theatrum\/teatr\/trupa-teatralna\/","title":{"rendered":"Trupa teatralna"},"content":{"rendered":"\n<h4><strong>SEZON 2025 I 2026<\/strong><\/h4>\n\n\n\n<p><a href=\"https:\/\/uprzyjaciol.pl\/theatrum\/teatr\/trupa-teatralna\/monika-chuda\/\">Monika Chuda<\/a><br><a href=\"https:\/\/uprzyjaciol.pl\/theatrum\/teatr\/trupa-teatralna\/alicja-gotowala\/\">Alicja Gotowa\u0142a<\/a><br><a href=\"https:\/\/uprzyjaciol.pl\/theatrum\/teatr\/trupa-teatralna\/patryk-gorny\/\">Patryk G\u00f3rny<\/a><br><a href=\"https:\/\/uprzyjaciol.pl\/theatrum\/teatr\/trupa-teatralna\/mateusz-jankowiak\/\">Mateusz Jankowiak<\/a><br><a href=\"https:\/\/uprzyjaciol.pl\/theatrum\/teatr\/trupa-teatralna\/pawel-kolasa\/\">Pawe\u0142 Kolasa<\/a><br><a href=\"https:\/\/uprzyjaciol.pl\/theatrum\/teatr\/trupa-teatralna\/milosz-loba\/\">Mi\u0142osz Loba<\/a><br><a data-type=\"URL\" data-id=\"https:\/\/uprzyjaciol.pl\/theatrum\/teatr\/trupa-teatralna\/mikolaj-makowski\/\" href=\"https:\/\/uprzyjaciol.pl\/theatrum\/teatr\/trupa-teatralna\/mikolaj-makowski\/\">Miko\u0142aj Makowski<\/a><br><a href=\"https:\/\/uprzyjaciol.pl\/theatrum\/teatr\/trupa-teatralna\/sylwia-pietrowiak\/\">Sylwia Pietrowiak<\/a><br><a href=\"https:\/\/uprzyjaciol.pl\/theatrum\/teatr\/trupa-teatralna\/stanislaw-przewozny\/\">Stanis\u0142aw Przewo\u017any<\/a><br><a href=\"https:\/\/uprzyjaciol.pl\/theatrum\/teatr\/trupa-teatralna\/franciszek-skolimowski\/\">Franciszek Skolimowski<\/a><br><a href=\"https:\/\/uprzyjaciol.pl\/theatrum\/teatr\/trupa-teatralna\/karolina-wensierska\/\">Karolina Wensierska<\/a><br><a href=\"https:\/\/uprzyjaciol.pl\/theatrum\/teatr\/trupa-teatralna\/tomasz-zajcher\/\">Tomasz Zajcher<\/a><\/p>\n\n\n\n<h4><strong>SEZON 2024 I 2025<\/strong><\/h4>\n\n\n\n<ul><li><a href=\"https:\/\/uprzyjaciol.pl\/theatrum\/teatr\/trupa-teatralna\/monika-chuda\/\">Monika Chuda<\/a><\/li><li><a href=\"https:\/\/uprzyjaciol.pl\/theatrum\/teatr\/trupa-teatralna\/alicja-gotowala\/\">Alicja Gotowa\u0142a<\/a><\/li><li><a href=\"https:\/\/uprzyjaciol.pl\/theatrum\/teatr\/trupa-teatralna\/patryk-gorny\/\">Patryk G\u00f3rny<\/a><\/li><li><a data-type=\"URL\" data-id=\"https:\/\/uprzyjaciol.pl\/theatrum\/teatr\/trupa-teatralna\/mikolaj-makowski\/\" href=\"https:\/\/uprzyjaciol.pl\/theatrum\/teatr\/trupa-teatralna\/mikolaj-makowski\/\">Miko\u0142aj Makowski<\/a><\/li><li><a href=\"https:\/\/uprzyjaciol.pl\/theatrum\/teatr\/trupa-teatralna\/pawel-kolasa\/\">Pawe\u0142 Kolasa<\/a><\/li><li><a href=\"https:\/\/uprzyjaciol.pl\/theatrum\/teatr\/trupa-teatralna\/milosz-loba\/\">Mi\u0142osz Loba<\/a><\/li><li><a href=\"https:\/\/uprzyjaciol.pl\/theatrum\/teatr\/trupa-teatralna\/sylwia-pietrowiak\/\">Sylwia Pietrowiak<\/a><\/li><li><a href=\"https:\/\/uprzyjaciol.pl\/theatrum\/teatr\/trupa-teatralna\/stanislaw-przewozny\/\">Stanis\u0142aw Przewo\u017any<\/a><\/li><li><a href=\"https:\/\/uprzyjaciol.pl\/theatrum\/teatr\/trupa-teatralna\/karolina-wensierska\/\">Karolina Wensierska<\/a><\/li><li><a href=\"https:\/\/uprzyjaciol.pl\/theatrum\/teatr\/trupa-teatralna\/tomasz-zajcher\/\">Tomasz Zajcher<\/a><\/li><\/ul>\n\n\n\n<h4><strong><meta charset=\"utf-8\">SEZON 2021 I 2022<\/strong><\/h4>\n\n\n\n<ul><li><a href=\"https:\/\/uprzyjaciol.pl\/theatrum\/teatr\/trupa-teatralna\/monika-chuda\/\">Monika Chuda<\/a><\/li><li><a href=\"https:\/\/uprzyjaciol.pl\/theatrum\/teatr\/trupa-teatralna\/alicja-gotowala\/\">Alicja Gotowa\u0142a<\/a><\/li><li><a href=\"https:\/\/uprzyjaciol.pl\/theatrum\/teatr\/trupa-teatralna\/patryk-gorny\/\">Patryk G\u00f3rny<\/a><\/li><li><a href=\"https:\/\/uprzyjaciol.pl\/theatrum\/teatr\/trupa-teatralna\/mikolaj-makowski\/\" data-type=\"URL\" data-id=\"https:\/\/uprzyjaciol.pl\/theatrum\/teatr\/trupa-teatralna\/mikolaj-makowski\/\">Miko\u0142aj Makowski<\/a><\/li><li><a href=\"https:\/\/uprzyjaciol.pl\/theatrum\/teatr\/trupa-teatralna\/karolina-mingielewicz\/\">Karolina Mingielewicz<\/a><\/li><li><a href=\"https:\/\/uprzyjaciol.pl\/theatrum\/teatr\/trupa-teatralna\/pawel-kolasa\/\">Pawe\u0142 Kolasa<\/a><\/li><li><a href=\"https:\/\/uprzyjaciol.pl\/theatrum\/teatr\/trupa-teatralna\/emilia-kucz\/\">Emilia Kucz<\/a><\/li><li><a href=\"https:\/\/uprzyjaciol.pl\/theatrum\/teatr\/trupa-teatralna\/milosz-loba\/\">Mi\u0142osz Loba<\/a><\/li><li><a href=\"https:\/\/uprzyjaciol.pl\/theatrum\/teatr\/trupa-teatralna\/sylwia-pietrowiak\/\">Sylwia Pietrowiak<\/a><\/li><li><a href=\"https:\/\/uprzyjaciol.pl\/theatrum\/teatr\/trupa-teatralna\/stanislaw-przewozny\/\">Stanis\u0142aw Przewo\u017any<\/a><\/li><li><a href=\"https:\/\/uprzyjaciol.pl\/theatrum\/teatr\/trupa-teatralna\/borys-szumanski\/\">Borys Szuma\u0144ski<\/a><\/li><li><a href=\"https:\/\/uprzyjaciol.pl\/theatrum\/teatr\/trupa-teatralna\/mikolaj-troszczynski\/\">Miko\u0142aj Troszczy\u0144ski<\/a><\/li><li><a href=\"https:\/\/uprzyjaciol.pl\/theatrum\/teatr\/trupa-teatralna\/karolina-wensierska\/\">Karolina Wensierska<\/a><\/li><li><a href=\"https:\/\/uprzyjaciol.pl\/theatrum\/teatr\/trupa-teatralna\/tomasz-zajcher\/\">Tomasz Zajcher<\/a><\/li><\/ul>\n\n\n\n<h4><strong>SEZON 2020 I 2021<\/strong><\/h4>\n\n\n\n<ul><li><a href=\"https:\/\/uprzyjaciol.pl\/theatrum\/teatr\/trupa-teatralna\/filip-borowiak\/\">Filip Borowiak<\/a><\/li><li><a href=\"https:\/\/uprzyjaciol.pl\/theatrum\/teatr\/trupa-teatralna\/monika-chuda\/\">Monika Chuda<\/a><\/li><li><a href=\"https:\/\/uprzyjaciol.pl\/theatrum\/teatr\/trupa-teatralna\/alicja-gotowala\/\">Alicja Gotowa\u0142a<\/a><\/li><li><a href=\"https:\/\/uprzyjaciol.pl\/theatrum\/teatr\/trupa-teatralna\/patryk-gorny\/\">Patryk G\u00f3rny<\/a><\/li><li><a href=\"https:\/\/uprzyjaciol.pl\/theatrum\/teatr\/trupa-teatralna\/alicja-kalemba\/\">Alicja Kalemba<\/a><\/li><li>Miko\u0142aj Makowski<\/li><li><a href=\"https:\/\/uprzyjaciol.pl\/theatrum\/teatr\/trupa-teatralna\/karolina-mingielewicz\/\">Karolina Mingielewicz<\/a><\/li><li><a href=\"https:\/\/uprzyjaciol.pl\/theatrum\/teatr\/trupa-teatralna\/pawel-kolasa\/\">Pawe\u0142 Kolasa<\/a><\/li><li><a href=\"https:\/\/uprzyjaciol.pl\/theatrum\/teatr\/trupa-teatralna\/emilia-kucz\/\">Emilia Kucz<\/a><\/li><li><a href=\"https:\/\/uprzyjaciol.pl\/theatrum\/teatr\/trupa-teatralna\/milosz-loba\/\">Mi\u0142osz Loba<\/a><\/li><li><a href=\"https:\/\/uprzyjaciol.pl\/theatrum\/teatr\/trupa-teatralna\/sylwia-pietrowiak\/\">Sylwia Pietrowiak<\/a><\/li><li><a href=\"https:\/\/uprzyjaciol.pl\/theatrum\/teatr\/trupa-teatralna\/stanislaw-przewozny\/\">Stanis\u0142aw Przewo\u017any<\/a><\/li><li><a href=\"https:\/\/uprzyjaciol.pl\/theatrum\/teatr\/trupa-teatralna\/dorota-salamonczyk-szpalik\/\">Dorota Salamo\u0144czyk-Szpalik<\/a><\/li><li><a href=\"https:\/\/uprzyjaciol.pl\/theatrum\/teatr\/trupa-teatralna\/radoslaw-salamonczyk\/\">Rados\u0142aw Salamo\u0144czyk<\/a><\/li><li><a href=\"https:\/\/uprzyjaciol.pl\/theatrum\/teatr\/trupa-teatralna\/borys-szumanski\/\">Borys Szuma\u0144ski<\/a><\/li><li><a href=\"https:\/\/uprzyjaciol.pl\/theatrum\/teatr\/trupa-teatralna\/mikolaj-troszczynski\/\">Miko\u0142aj Troszczy\u0144ski<\/a><\/li><li><a href=\"https:\/\/uprzyjaciol.pl\/theatrum\/teatr\/trupa-teatralna\/karolina-wensierska\/\">Karolina Wensierska<\/a><\/li><li><a href=\"https:\/\/uprzyjaciol.pl\/theatrum\/teatr\/trupa-teatralna\/tomasz-zajcher\/\">Tomasz Zajcher<\/a><\/li><\/ul>\n\n\n\n<h4><strong><meta charset=\"utf-8\">GRALI Z NAMI<\/strong><\/h4>\n\n\n\n<ul><li><a href=\"https:\/\/uprzyjaciol.pl\/theatrum\/teatr\/trupa-teatralna\/krzysztof-skibski\/\" data-type=\"page\" data-id=\"514\">Krzysztof Skibski<\/a><\/li><li><a href=\"https:\/\/uprzyjaciol.pl\/theatrum\/teatr\/trupa-teatralna\/pawel-sakowski\/\" data-type=\"page\" data-id=\"517\">Pawe\u0142 Sakowski<\/a><\/li><li><a href=\"https:\/\/uprzyjaciol.pl\/theatrum\/teatr\/trupa-teatralna\/wawrzyniec-dabrowski\/\" data-type=\"page\" data-id=\"520\">Wawrzyniec D\u0105browski<\/a><\/li><li><a href=\"https:\/\/uprzyjaciol.pl\/theatrum\/teatr\/trupa-teatralna\/lukasz-garbacz\/\" data-type=\"page\" data-id=\"523\">\u0141ukasz Garbacz<\/a><\/li><li><a href=\"https:\/\/uprzyjaciol.pl\/theatrum\/teatr\/trupa-teatralna\/agnieszka-brzezinska\/\" data-type=\"page\" data-id=\"525\">Agnieszka Brzezi\u0144ska<\/a><\/li><li><a href=\"https:\/\/uprzyjaciol.pl\/theatrum\/teatr\/trupa-teatralna\/sylwia-achu\/\" data-type=\"page\" data-id=\"528\">Sylwia Achu<\/a><\/li><li><a href=\"https:\/\/uprzyjaciol.pl\/theatrum\/teatr\/trupa-teatralna\/hanna-babicka\/\" data-type=\"page\" data-id=\"534\">Hanna Babicka<\/a><\/li><li><a href=\"https:\/\/uprzyjaciol.pl\/theatrum\/teatr\/trupa-teatralna\/mateusz-paszkiewicz\/\" data-type=\"page\" data-id=\"536\">Mateusz Paszkiewicz<\/a><\/li><li><a href=\"https:\/\/uprzyjaciol.pl\/theatrum\/teatr\/trupa-teatralna\/katarzyna-safian\/\" data-type=\"page\" data-id=\"538\">Kasia Safian<\/a><\/li><li><a href=\"https:\/\/uprzyjaciol.pl\/theatrum\/teatr\/trupa-teatralna\/krzysztof-kawula\/\" data-type=\"page\" data-id=\"540\">Krzysztof Kawula<\/a><\/li><li><a href=\"https:\/\/uprzyjaciol.pl\/theatrum\/teatr\/trupa-teatralna\/marcin-kluczykowski\/\" data-type=\"page\" data-id=\"543\">Marcin Kluczykowski<\/a><\/li><li><a href=\"https:\/\/uprzyjaciol.pl\/theatrum\/teatr\/trupa-teatralna\/kuba-ignasiak\/\" data-type=\"page\" data-id=\"546\">Kuba Ignasiak<\/a><\/li><li><a href=\"https:\/\/uprzyjaciol.pl\/theatrum\/teatr\/trupa-teatralna\/bartek-krywczuk\/\" data-type=\"page\" data-id=\"549\">Bartek Krywczuk<\/a><\/li><li><a href=\"https:\/\/uprzyjaciol.pl\/theatrum\/teatr\/trupa-teatralna\/kacper-koteras\/\" data-type=\"page\" data-id=\"614\">Kacper Koteras<\/a><\/li><li><a href=\"https:\/\/uprzyjaciol.pl\/theatrum\/teatr\/trupa-teatralna\/anna-kowalska\/\" data-type=\"page\" data-id=\"618\">Ania Kowalska<\/a><\/li><li><a href=\"https:\/\/uprzyjaciol.pl\/theatrum\/teatr\/trupa-teatralna\/malgorzata-helena-rucinska\/\" data-type=\"page\" data-id=\"622\">Ma\u0142gorzata Ruci\u0144ska<\/a><\/li><li><a href=\"https:\/\/uprzyjaciol.pl\/theatrum\/teatr\/trupa-teatralna\/miriam-namiotko\/\" data-type=\"page\" data-id=\"625\">Miriam Namiotko<\/a><\/li><li>Damian Kustosik<\/li><li><a href=\"https:\/\/uprzyjaciol.pl\/theatrum\/teatr\/trupa-teatralna\/pawel-rosol\/\" data-type=\"page\" data-id=\"628\">Pawe\u0142 Ros\u00f3\u0142<\/a><\/li><li><a href=\"https:\/\/uprzyjaciol.pl\/theatrum\/teatr\/trupa-teatralna\/jaroslaw-zajcher\/\" data-type=\"page\" data-id=\"630\">Jaros\u0142aw Zajcher<\/a><\/li><li><a href=\"https:\/\/uprzyjaciol.pl\/theatrum\/teatr\/trupa-teatralna\/krzysztof-ilasz\/\" data-type=\"page\" data-id=\"633\">Krzysztof Ilasz<\/a><\/li><\/ul>\n","protected":false},"excerpt":{"rendered":"<p>SEZON 2025 I 2026 Monika ChudaAlicja Gotowa\u0142aPatryk G\u00f3rnyMateusz JankowiakPawe\u0142 KolasaMi\u0142osz LobaMiko\u0142aj MakowskiSylwia PietrowiakStanis\u0142aw Przewo\u017anyFranciszek SkolimowskiKarolina WensierskaTomasz Zajcher SEZON 2024 I 2025 Monika Chuda Alicja Gotowa\u0142a Patryk G\u00f3rny Miko\u0142aj Makowski Pawe\u0142 Kolasa Mi\u0142osz Loba Sylwia Pietrowiak Stanis\u0142aw Przewo\u017any Karolina Wensierska Tomasz Zajcher SEZON 2021 I 2022 Monika Chuda Alicja Gotowa\u0142a Patryk G\u00f3rny Miko\u0142aj Makowski Karolina Mingielewicz<\/p>\n<div><a class=\"btn-filled btn\" href=\"https:\/\/uprzyjaciol.pl\/theatrum\/teatr\/trupa-teatralna\/\" title=\"Trupa teatralna\">Dowiedz si\u0119 wi\u0119cej<\/a><\/div>\n","protected":false},"author":6,"featured_media":0,"parent":22,"menu_order":2,"comment_status":"closed","ping_status":"closed","template":"","meta":[],"_links":{"self":[{"href":"https:\/\/uprzyjaciol.pl\/theatrum\/wp-json\/wp\/v2\/pages\/26"}],"collection":[{"href":"https:\/\/uprzyjaciol.pl\/theatrum\/wp-json\/wp\/v2\/pages"}],"about":[{"href":"https:\/\/uprzyjaciol.pl\/theatrum\/wp-json\/wp\/v2\/types\/page"}],"author":[{"embeddable":true,"href":"https:\/\/uprzyjaciol.pl\/theatrum\/wp-json\/wp\/v2\/users\/6"}],"replies":[{"embeddable":true,"href":"https:\/\/uprzyjaciol.pl\/theatrum\/wp-json\/wp\/v2\/comments?post=26"}],"version-history":[{"count":26,"href":"https:\/\/uprzyjaciol.pl\/theatrum\/wp-json\/wp\/v2\/pages\/26\/revisions"}],"predecessor-version":[{"id":2491,"href":"https:\/\/uprzyjaciol.pl\/theatrum\/wp-json\/wp\/v2\/pages\/26\/revisions\/2491"}],"up":[{"embeddable":true,"href":"https:\/\/uprzyjaciol.pl\/theatrum\/wp-json\/wp\/v2\/pages\/22"}],"wp:attachment":[{"href":"https:\/\/uprzyjaciol.pl\/theatrum\/wp-json\/wp\/v2\/media?parent=26"}],"curies":[{"name":"wp","href":"https:\/\/api.w.org\/{rel}","templated":true}]}}