{"id":253,"date":"2021-07-23T12:20:11","date_gmt":"2021-07-23T10:20:11","guid":{"rendered":"https:\/\/uprzyjaciol.pl\/theatrum\/?page_id=253"},"modified":"2026-02-10T10:02:59","modified_gmt":"2026-02-10T09:02:59","slug":"monika-chuda","status":"publish","type":"page","link":"https:\/\/uprzyjaciol.pl\/theatrum\/teatr\/trupa-teatralna\/monika-chuda\/","title":{"rendered":"Monika Chuda"},"content":{"rendered":"\n<figure class=\"wp-block-image size-full\"><img loading=\"lazy\" width=\"800\" height=\"979\" src=\"https:\/\/uprzyjaciol.pl\/theatrum\/wp-content\/uploads\/2021\/07\/monika-chuda.jpg\" alt=\"\" class=\"wp-image-254\" srcset=\"https:\/\/uprzyjaciol.pl\/theatrum\/wp-content\/uploads\/2021\/07\/monika-chuda.jpg 800w, https:\/\/uprzyjaciol.pl\/theatrum\/wp-content\/uploads\/2021\/07\/monika-chuda-245x300.jpg 245w, https:\/\/uprzyjaciol.pl\/theatrum\/wp-content\/uploads\/2021\/07\/monika-chuda-768x940.jpg 768w\" sizes=\"(max-width: 800px) 100vw, 800px\" \/><\/figure>\n\n\n\n<p>W Teatrze U Przyjaci\u00f3\u0142 od 2007 roku. Aktorka, autorka scenariuszy teatralnych, projektantka kostium\u00f3w oraz opiekunka garderoby. Absolwentka filologii polskiej UAM w Poznaniu.<\/p>\n\n\n\n<p><\/p>\n\n\n\n<p><strong>RE\u017bYSERIA:<\/strong><br><a href=\"https:\/\/uprzyjaciol.pl\/theatrum\/witkacy-variete\/\"><strong>Witkacy-Variete <\/strong><\/a><strong>(2025)<\/strong><br><strong><a href=\"https:\/\/uprzyjaciol.pl\/theatrum\/nie-zapomnisz\/\">Nie zapomnisz<\/a> (2024)<\/strong><br><strong><a href=\"https:\/\/uprzyjaciol.pl\/theatrum\/spektakle\/premiery\/frankenstein\/\">Frankenstein <\/a>(2021)<\/strong><br><a href=\"https:\/\/uprzyjaciol.pl\/theatrum\/spektakle\/premiery\/sherlock-holmes\/\"><strong>Sherlock Holmes <\/strong><\/a><strong>(2019)<\/strong><a href=\"https:\/\/uprzyjaciol.pl\/theatrum\/spektakle\/premiery\/sherlock-holmes\/\"><strong><br><\/strong><\/a><strong><a href=\"https:\/\/uprzyjaciol.pl\/theatrum\/spektakle\/premiery\/dzisiaj-wyjezdzam\/\"><strong>Dzisiaj wyje\u017cd\u017cam.&nbsp;<\/strong><\/a>(2018)<br><a href=\"https:\/\/uprzyjaciol.pl\/theatrum\/spektakle\/premiery\/ulisses\/\">Ulisses <\/a>(2018)<\/strong><br><strong><a href=\"https:\/\/uprzyjaciol.pl\/theatrum\/spektakle\/premiery\/wariat-i-zakonnica\/\">Wariat i zakonnica (dementia praecox)<\/a>&nbsp;(2017)<br><a href=\"https:\/\/uprzyjaciol.pl\/theatrum\/spektakle\/premiery\/ip_istnienia-poszczegolne\/\">IP_Istnienia Poszczeg\u00f3lne&nbsp;<\/a>(2016)<br>Lysis (2016)<\/strong><\/p>\n\n\n\n<p><\/p>\n\n\n\n<p><strong>DRAMATURGIA:<\/strong><\/p>\n\n\n\n<p>Appendix&nbsp; (2008)<\/p>\n\n\n\n<p>Dzie\u0144 Blooma&nbsp; (2009)<\/p>\n\n\n\n<p>Alicja w lustrach (2012)<\/p>\n\n\n\n<p><a href=\"https:\/\/uprzyjaciol.pl\/theatrum\/spektakle\/premiery\/witkacy\/\">WitKacy (Vitcatius<\/a>)&nbsp;(2012)<\/p>\n\n\n\n<p><a href=\"https:\/\/uprzyjaciol.pl\/theatrum\/spektakle\/premiery\/gomber\/\">Gomber&nbsp;&nbsp;<\/a>(2013)<\/p>\n\n\n\n<p>Lysis (2016)<\/p>\n\n\n\n<p><a href=\"https:\/\/uprzyjaciol.pl\/theatrum\/spektakle\/premiery\/ip_istnienia-poszczegolne\/\">IP_Istnienia Poszczeg\u00f3lne<\/a>&nbsp;(2016)<\/p>\n\n\n\n<p><a href=\"https:\/\/uprzyjaciol.pl\/theatrum\/spektakle\/premiery\/wariat-i-zakonnica\/\">Wariat i zakonnica (dementia praecox)<\/a>&nbsp;(2017)<\/p>\n\n\n\n<p><a href=\"https:\/\/uprzyjaciol.pl\/theatrum\/spektakle\/premiery\/ulisses\/\">Ulisses (2018)<\/a><\/p>\n\n\n\n<p><a href=\"https:\/\/uprzyjaciol.pl\/theatrum\/spektakle\/premiery\/dzisiaj-wyjezdzam\/\">Dzisiaj wyje\u017cd\u017cam. (2018)<\/a><\/p>\n\n\n\n<p><a href=\"https:\/\/uprzyjaciol.pl\/theatrum\/spektakle\/premiery\/oddychaj\/\">Oddychaj (2021)<\/a><\/p>\n\n\n\n<p><a href=\"https:\/\/uprzyjaciol.pl\/theatrum\/nie-zapomnisz\/\">Nie zapomnisz (2024)<\/a><\/p>\n\n\n\n<p><br><strong>Role aktorskie w Teatrze &#8222;U Przyjaci\u00f3\u0142&#8221;:<\/strong><\/p>\n\n\n\n<p>KUSTOSCHA VENEZIA (bileterka muzeum) \u2013 \u201ePasje i obsesje Teodora Astray\u201d (2007 \u2013 2009)<\/p>\n\n\n\n<p>Pani Anzelma \u2013 \u201eYMAKRAPE\u201d (2007 \u2013 2009, 2012)<\/p>\n\n\n\n<p>Cie\u0144\/Patryk \u2013 \u201eLegenda o \u015bw. Patryku\u201d (2007, 2008, 2009, 2010, 2011, 2013, 2018)<\/p>\n\n\n\n<p>Krewny tkwi\u0105cy zawsze w najciemniejszym k\u0105cie pokoju \u2013 \u201eOpowie\u015bci niesamowite \u2013 kryptyk\u201d (2008)<\/p>\n\n\n\n<p>Dusza wyszminkowana \u2013 \u201eAppendix\u201d (2008)<\/p>\n\n\n\n<p>Lizawieta \u2013 \u201eSenne \u0142agodne prze\u015bwity\u201d (2008 \u2013 2014)<\/p>\n\n\n\n<p>Panna Kennedy \u2013 \u201eDzie\u0144 Blooma\u201d (2010 \u2013 2012, 2017)<\/p>\n\n\n\n<p>Panna Kennedy, Molly Bloom \u2013 \u201eBloomsday\u201d (2010, 2011, 2012, 2013)<\/p>\n\n\n\n<p>Dziuralska \u2013 \u201eRekrutremy\u201d (2011 \u2013 2012)<\/p>\n\n\n\n<p>Bia\u0142a kr\u00f3lowa \u2013 \u201eAlicja w lustrach\u201d (2012)<\/p>\n\n\n\n<p>Czes\u0142awa Okni\u0144ska, Akne, Witkacowa, krytyk, sekundant \u2013 \u201eVitcatius\u201d (2012)<\/p>\n\n\n\n<p>Dr Letalia, Maria z Bz\u00f3wka, Wera \u2013 \u201eNiebostrzyg\u201d (2012)<\/p>\n\n\n\n<p>JA \u2013 \u201eGomber\u201d (2013)<\/p>\n\n\n\n<p>ONA &#8211; &#8222;IP_Istnienia Poszczeg\u00f3lne&#8221; (2016)<\/p>\n\n\n\n<p>Nastia (Ona) &#8211; &#8222;Senne \u0142agodne prze\u015bwity&#8221; (2017)<\/p>\n\n\n\n<p>K. &#8211; &#8222;Kafka&#8221; (2017)<\/p>\n\n\n\n<p>Molly Bloom &#8211; &#8222;Ulisses&#8221; (2018)<\/p>\n\n\n\n<p>Siostra &#8211; &#8222;Elektra&#8221; (2018)<br><br>Sybil Vane\/Constance Wilde -&#8222;Portret Doriana Wilde&#8217;a&#8221; (2019)<\/p>\n\n\n\n<p>Elektra &#8211; &#8222;Elektra&#8221; (2021)<br><br>Ona &#8211; &#8222;Oddychaj&#8221; (2021)<\/p>\n\n\n\n<p>K. &#8211; &#8222;Kafka&#8221; (2026)<\/p>\n\n\n\n<p><br><strong>Projekty kostium\u00f3w:<\/strong><\/p>\n\n\n\n<p>Alicja w lustrach (2012)<\/p>\n\n\n\n<p>Vitcatius (2012)<\/p>\n\n\n\n<p>Niebostrzyg (2012)<\/p>\n\n\n\n<p>Ostatnia ucieczka Brunona Schulza (2012)<\/p>\n\n\n\n<p>Gomber (2013)<\/p>\n\n\n\n<p>Lysis (2016)<\/p>\n\n\n\n<p>IP_Istnienia Poszczeg\u00f3lne (2016)<\/p>\n\n\n\n<p>Senne \u0142agodne prze\u015bwity (2017)<\/p>\n\n\n\n<p>Wariat i zakonnica (dementia praecox) (2017)<\/p>\n\n\n\n<p>Teatroza vel Rekrutremy (2018)<\/p>\n\n\n\n<p>Elektra (2018)<\/p>\n\n\n\n<p>Ulisses (2018)<\/p>\n\n\n\n<p>Dzisiaj wyje\u017cd\u017cam. (2018)<\/p>\n\n\n\n<p>Portret Doriana Wilde&#8217;a (2019)<\/p>\n\n\n\n<p>Sherlock Holmes (2019)<\/p>\n\n\n\n<p>Oddychaj (2021)<\/p>\n\n\n\n<p>Frankenstein (2021)<\/p>\n\n\n\n<p>Kabaret U Przyjaci\u00f3\u0142 (2021)<\/p>\n\n\n\n<p>Nie zapomnisz (2024)<\/p>\n\n\n\n<p>Witkacy-Variete (2025)<\/p>\n\n\n\n<p><\/p>\n\n\n\n<p><strong>Aktualnie gra w spektaklach: &#8222;IP_Istnienia Poszczeg\u00f3lne&#8221;, &#8222;Senne \u0142agodne prze\u015bwity&#8221;, &#8222;WitKacy&#8221;, &#8222;Elektra&#8221; ,&#8221;Portret Doriana Wilde&#8217;a&#8221;, &#8222;Oddychaj&#8221;<\/strong>.<\/p>\n","protected":false},"excerpt":{"rendered":"<p>W Teatrze U Przyjaci\u00f3\u0142 od 2007 roku. Aktorka, autorka scenariuszy teatralnych, projektantka kostium\u00f3w oraz opiekunka garderoby. Absolwentka filologii polskiej UAM w Poznaniu. RE\u017bYSERIA:Witkacy-Variete (2025)Nie zapomnisz (2024)Frankenstein (2021)Sherlock Holmes (2019)Dzisiaj wyje\u017cd\u017cam.&nbsp;(2018)Ulisses (2018)Wariat i zakonnica (dementia praecox)&nbsp;(2017)IP_Istnienia Poszczeg\u00f3lne&nbsp;(2016)Lysis (2016) DRAMATURGIA: Appendix&nbsp; (2008) Dzie\u0144 Blooma&nbsp; (2009) Alicja w lustrach (2012) WitKacy (Vitcatius)&nbsp;(2012) Gomber&nbsp;&nbsp;(2013) Lysis (2016) IP_Istnienia Poszczeg\u00f3lne&nbsp;(2016) Wariat<\/p>\n<div><a class=\"btn-filled btn\" href=\"https:\/\/uprzyjaciol.pl\/theatrum\/teatr\/trupa-teatralna\/monika-chuda\/\" title=\"Monika Chuda\">Dowiedz si\u0119 wi\u0119cej<\/a><\/div>\n","protected":false},"author":6,"featured_media":0,"parent":26,"menu_order":0,"comment_status":"closed","ping_status":"closed","template":"","meta":[],"_links":{"self":[{"href":"https:\/\/uprzyjaciol.pl\/theatrum\/wp-json\/wp\/v2\/pages\/253"}],"collection":[{"href":"https:\/\/uprzyjaciol.pl\/theatrum\/wp-json\/wp\/v2\/pages"}],"about":[{"href":"https:\/\/uprzyjaciol.pl\/theatrum\/wp-json\/wp\/v2\/types\/page"}],"author":[{"embeddable":true,"href":"https:\/\/uprzyjaciol.pl\/theatrum\/wp-json\/wp\/v2\/users\/6"}],"replies":[{"embeddable":true,"href":"https:\/\/uprzyjaciol.pl\/theatrum\/wp-json\/wp\/v2\/comments?post=253"}],"version-history":[{"count":22,"href":"https:\/\/uprzyjaciol.pl\/theatrum\/wp-json\/wp\/v2\/pages\/253\/revisions"}],"predecessor-version":[{"id":2499,"href":"https:\/\/uprzyjaciol.pl\/theatrum\/wp-json\/wp\/v2\/pages\/253\/revisions\/2499"}],"up":[{"embeddable":true,"href":"https:\/\/uprzyjaciol.pl\/theatrum\/wp-json\/wp\/v2\/pages\/26"}],"wp:attachment":[{"href":"https:\/\/uprzyjaciol.pl\/theatrum\/wp-json\/wp\/v2\/media?parent=253"}],"curies":[{"name":"wp","href":"https:\/\/api.w.org\/{rel}","templated":true}]}}