{"id":1514,"date":"2023-02-21T16:34:46","date_gmt":"2023-02-21T15:34:46","guid":{"rendered":"https:\/\/uprzyjaciol.pl\/theatrum\/?page_id=1514"},"modified":"2026-04-22T10:12:41","modified_gmt":"2026-04-22T08:12:41","slug":"repertuar","status":"publish","type":"page","link":"https:\/\/uprzyjaciol.pl\/theatrum\/repertuar\/","title":{"rendered":"Repertuar"},"content":{"rendered":"\n<p><\/p>\n\n\n\n<figure class=\"wp-block-table aligncenter is-style-stripes\" style=\"font-size:14px;font-style:normal;font-weight:300\"><table  class=\" table table-hover\" ><tbody><tr><td class=\"has-text-align-left\" data-align=\"left\"><strong>DATA<\/strong><\/td><td class=\"has-text-align-center\" data-align=\"center\"><strong>GODZ.<\/strong><\/td><td class=\"has-text-align-center\" data-align=\"center\"><strong>TYTU\u0141<\/strong><\/td><td><strong>CENA BILETU<\/strong><\/td><\/tr><tr><td class=\"has-text-align-left\" data-align=\"left\"><\/td><td class=\"has-text-align-center\" data-align=\"center\"><\/td><td class=\"has-text-align-center\" data-align=\"center\"><strong><mark style=\"background-color:rgba(0, 0, 0, 0)\" class=\"has-inline-color has-vivid-red-color\">KWIECIE\u0143 2026<\/mark><\/strong><\/td><td><\/td><\/tr><tr><td class=\"has-text-align-left\" data-align=\"left\">10 kwietnia (pt.)<\/td><td class=\"has-text-align-center\" data-align=\"center\">19:00<\/td><td class=\"has-text-align-center\" data-align=\"center\"><a href=\"https:\/\/uprzyjaciol.pl\/theatrum\/spektakle\/premiery\/kafka\/\">Kafka<\/a> <\/td><td>40 z\u0142<\/td><\/tr><tr><td class=\"has-text-align-left\" data-align=\"left\">17 kwietnia (pt.)<\/td><td class=\"has-text-align-center\" data-align=\"center\">19:00<\/td><td class=\"has-text-align-center\" data-align=\"center\"><a href=\"https:\/\/uprzyjaciol.pl\/theatrum\/spektakle\/premiery\/kafka\/\">Kafka<\/a> <\/td><td>40 z\u0142<\/td><\/tr><tr><td class=\"has-text-align-left\" data-align=\"left\">18 kwietnia (sob.)<\/td><td class=\"has-text-align-center\" data-align=\"center\">19:00<\/td><td class=\"has-text-align-center\" data-align=\"center\"><a href=\"https:\/\/uprzyjaciol.pl\/theatrum\/spektakle\/premiery\/kafka\/\">Kafka<\/a><\/td><td>40 z\u0142<\/td><\/tr><tr><td class=\"has-text-align-left\" data-align=\"left\">24 kwietnia (pt.)<\/td><td class=\"has-text-align-center\" data-align=\"center\">19:00<\/td><td class=\"has-text-align-center\" data-align=\"center\"><a href=\"https:\/\/uprzyjaciol.pl\/theatrum\/spektakle\/premiery\/kafka\/\">Kafka<\/a><\/td><td>40 z\u0142<\/td><\/tr><tr><td class=\"has-text-align-left\" data-align=\"left\"><\/td><td class=\"has-text-align-center\" data-align=\"center\"><\/td><td class=\"has-text-align-center\" data-align=\"center\"><\/td><td><\/td><\/tr><tr><td class=\"has-text-align-left\" data-align=\"left\"><\/td><td class=\"has-text-align-center\" data-align=\"center\"><\/td><td class=\"has-text-align-center\" data-align=\"center\"><strong><mark style=\"background-color:rgba(0, 0, 0, 0)\" class=\"has-inline-color has-vivid-red-color\">MAJ 2026<\/mark><\/strong><\/td><td><\/td><\/tr><tr><td class=\"has-text-align-left\" data-align=\"left\">7 maja (czw.)<\/td><td class=\"has-text-align-center\" data-align=\"center\">19:00<\/td><td class=\"has-text-align-center\" data-align=\"center\"><a href=\"https:\/\/uprzyjaciol.pl\/theatrum\/spektakle\/premiery\/kafka\/\">Kafka<\/a><\/td><td>40 z\u0142<\/td><\/tr><tr><td class=\"has-text-align-left\" data-align=\"left\"><s>15 maja (pt.)<\/s><\/td><td class=\"has-text-align-center\" data-align=\"center\"><s>19:00<\/s><\/td><td class=\"has-text-align-center\" data-align=\"center\"><a href=\"https:\/\/uprzyjaciol.pl\/theatrum\/spektakle\/premiery\/witkacy\/\"><s>WitKacy<\/s><\/a> (ODOW\u0141ANY)<\/td><td><s>40 z\u0142<\/s><\/td><\/tr><tr><td class=\"has-text-align-left\" data-align=\"left\"><s>16 maja (sob.)<\/s><\/td><td class=\"has-text-align-center\" data-align=\"center\"><s>19:00<\/s><\/td><td class=\"has-text-align-center\" data-align=\"center\"><a href=\"https:\/\/uprzyjaciol.pl\/theatrum\/spektakle\/premiery\/witkacy\/\"><s>WitKacy<\/s><\/a> (ODOW\u0141ANY)<\/td><td><s>40 z\u0142<\/s><\/td><\/tr><tr><td class=\"has-text-align-left\" data-align=\"left\">29 maja (pt.)<\/td><td class=\"has-text-align-center\" data-align=\"center\">19:00<\/td><td class=\"has-text-align-center\" data-align=\"center\"><a href=\"https:\/\/uprzyjaciol.pl\/theatrum\/spektakle\/premiery\/wariat-i-zakonnica\/\">Wariat i zakonnica<\/a><\/td><td>40 z\u0142<\/td><\/tr><tr><td class=\"has-text-align-left\" data-align=\"left\">30 maja (sob.)<\/td><td class=\"has-text-align-center\" data-align=\"center\">19:00<\/td><td class=\"has-text-align-center\" data-align=\"center\"><a href=\"https:\/\/uprzyjaciol.pl\/theatrum\/spektakle\/premiery\/wariat-i-zakonnica\/\">Wariat i zakonnica<\/a><\/td><td>40 z\u0142<\/td><\/tr><tr><td class=\"has-text-align-left\" data-align=\"left\"><\/td><td class=\"has-text-align-center\" data-align=\"center\"><\/td><td class=\"has-text-align-center\" data-align=\"center\"><\/td><td><\/td><\/tr><tr><td class=\"has-text-align-left\" data-align=\"left\"><\/td><td class=\"has-text-align-center\" data-align=\"center\"><\/td><td class=\"has-text-align-center\" data-align=\"center\"><strong><mark style=\"background-color:rgba(0, 0, 0, 0)\" class=\"has-inline-color has-vivid-red-color\">CZERWIEC 2026<\/mark><\/strong><\/td><td><\/td><\/tr><tr><td class=\"has-text-align-left\" data-align=\"left\">5 czerwca (pt.)<\/td><td class=\"has-text-align-center\" data-align=\"center\">19:00<\/td><td class=\"has-text-align-center\" data-align=\"center\"><a href=\"https:\/\/uprzyjaciol.pl\/theatrum\/spektakle\/premiery\/frankenstein\/\">Frankenstein<\/a><\/td><td>40 z\u0142<\/td><\/tr><tr><td class=\"has-text-align-left\" data-align=\"left\">6 czerwca (sob.)<\/td><td class=\"has-text-align-center\" data-align=\"center\">19:00<\/td><td class=\"has-text-align-center\" data-align=\"center\"><a href=\"https:\/\/uprzyjaciol.pl\/theatrum\/spektakle\/premiery\/frankenstein\/\">Frankenstein<\/a><\/td><td>40 z\u0142<\/td><\/tr><tr><td class=\"has-text-align-left\" data-align=\"left\"><\/td><td class=\"has-text-align-center\" data-align=\"center\"><\/td><td class=\"has-text-align-center\" data-align=\"center\"><\/td><td><\/td><\/tr><\/tbody><tfoot><tr><td class=\"has-text-align-left\" data-align=\"left\"><br><\/td><td class=\"has-text-align-center\" data-align=\"center\"><\/td><td class=\"has-text-align-center\" data-align=\"center\"><strong>Bilety prosimy rezerwowa\u0107:<br>1. mailowo teatr@uprzyjaciol.pl<br>2. SMS: 797021028<br>Odbi\u00f3r bilet\u00f3w w <a href=\"https:\/\/uprzyjaciol.pl\/theatrum\/kawiarnia\/\">Kawiarni U Przyjaci\u00f3\u0142<\/a>. <br>Zapraszamy!<\/strong><br><br><a href=\"https:\/\/uprzyjaciol.pl\/theatrum\/bilet-otwarty\/\"><strong>BILET OTWARTY czyli tzw. &#8222;Strawa duchowa<\/strong><\/a>&#8222;<\/td><td><\/td><\/tr><\/tfoot><\/table><\/figure>\n\n\n\n<p><\/p>\n\n\n\n<p><a href=\"https:\/\/uprzyjaciol.pl\/theatrum\/wp-content\/uploads\/2024\/01\/regulamin-TUP.2024-7.pdf\">Regulamin uczestnictwa w spektaklach &#8222;Teatru U Przyjaci\u00f3\u0142&#8221;<\/a><\/p>\n","protected":false},"excerpt":{"rendered":"<p>DATA GODZ. TYTU\u0141 CENA BILETU KWIECIE\u0143 2026 10 kwietnia (pt.) 19:00 Kafka 40 z\u0142 17 kwietnia (pt.) 19:00 Kafka 40 z\u0142 18 kwietnia (sob.) 19:00 Kafka 40 z\u0142 24 kwietnia (pt.) 19:00 Kafka 40 z\u0142 MAJ 2026 7 maja (czw.) 19:00 Kafka 40 z\u0142 15 maja (pt.) 19:00 WitKacy (ODOW\u0141ANY) 40 z\u0142 16 maja (sob.)<\/p>\n<div><a class=\"btn-filled btn\" href=\"https:\/\/uprzyjaciol.pl\/theatrum\/repertuar\/\" title=\"Repertuar\">Dowiedz si\u0119 wi\u0119cej<\/a><\/div>\n","protected":false},"author":3,"featured_media":0,"parent":0,"menu_order":0,"comment_status":"closed","ping_status":"closed","template":"","meta":[],"_links":{"self":[{"href":"https:\/\/uprzyjaciol.pl\/theatrum\/wp-json\/wp\/v2\/pages\/1514"}],"collection":[{"href":"https:\/\/uprzyjaciol.pl\/theatrum\/wp-json\/wp\/v2\/pages"}],"about":[{"href":"https:\/\/uprzyjaciol.pl\/theatrum\/wp-json\/wp\/v2\/types\/page"}],"author":[{"embeddable":true,"href":"https:\/\/uprzyjaciol.pl\/theatrum\/wp-json\/wp\/v2\/users\/3"}],"replies":[{"embeddable":true,"href":"https:\/\/uprzyjaciol.pl\/theatrum\/wp-json\/wp\/v2\/comments?post=1514"}],"version-history":[{"count":182,"href":"https:\/\/uprzyjaciol.pl\/theatrum\/wp-json\/wp\/v2\/pages\/1514\/revisions"}],"predecessor-version":[{"id":2530,"href":"https:\/\/uprzyjaciol.pl\/theatrum\/wp-json\/wp\/v2\/pages\/1514\/revisions\/2530"}],"wp:attachment":[{"href":"https:\/\/uprzyjaciol.pl\/theatrum\/wp-json\/wp\/v2\/media?parent=1514"}],"curies":[{"name":"wp","href":"https:\/\/api.w.org\/{rel}","templated":true}]}}